{"id":87,"date":"2023-10-31T22:52:43","date_gmt":"2023-10-31T21:52:43","guid":{"rendered":"https:\/\/gitedelaserre.fr\/?page_id=87"},"modified":"2025-02-02T12:00:01","modified_gmt":"2025-02-02T11:00:01","slug":"tarifs-2023","status":"publish","type":"page","link":"https:\/\/gitedelaserre.fr\/index.php\/tarifs-2023\/","title":{"rendered":"Tarifs 2025"},"content":{"rendered":"\n<div class=\"wp-block-group alignwide is-layout-constrained wp-block-group-is-layout-constrained\">\n<div class=\"wp-block-group alignwide is-content-justification-space-between is-nowrap is-layout-flex wp-container-core-group-is-layout-cb46ffcb wp-block-group-is-layout-flex\">\n<div class=\"wp-block-group alignwide is-layout-constrained wp-block-group-is-layout-constrained\">\n<h2 class=\"wp-block-heading alignwide has-primary-color has-text-color has-large-font-size\"><strong>S<\/strong><strong>emaine<\/strong>&nbsp;:<\/h2>\n\n\n\n<p>390\u20ac&nbsp; &#8211; Linge de lit non compris&nbsp;(7 nuit\u00e9es minimum en juillet et&nbsp;ao\u00fbt)<\/p>\n\n\n\n<h2 class=\"wp-block-heading alignwide has-primary-color has-text-color has-large-font-size\"><strong>Nuit\u00e9e<\/strong>&nbsp;: <\/h2>\n\n\n\n<p class=\"has-text-align-left\">82 \u20ac (2 personnes) + 5 \u20ac\/personne suppl\u00e9mentaire (Linge de lit compris)<\/p>\n\n\n\n<h2 class=\"wp-block-heading alignwide has-primary-color has-text-color has-large-font-size\"><strong>Frais de m\u00e9nage<\/strong>&nbsp;(obligatoire) : <\/h2>\n\n\n\n<p class=\"has-foreground-color has-text-color has-medium-font-size\">6 \u20ac \/ nuit\u00e9e<\/p>\n\n\n\n<div style=\"height:22px\" aria-hidden=\"true\" class=\"wp-block-spacer\"><\/div>\n\n\n\n<p>Si 2 semaines de location cons\u00e9cutives :&nbsp;<strong>-15 %<\/strong>&nbsp;sur la deuxi\u00e8me semaine<\/p>\n<\/div>\n\n\n\n<div style=\"height:22px;width:0px\" aria-hidden=\"true\" class=\"wp-block-spacer wp-container-content-d62f4c8e\"><\/div>\n\n\n\n<div class=\"wp-block-group alignwide is-layout-constrained wp-block-group-is-layout-constrained\">\n<h2 class=\"wp-block-heading alignwide has-primary-color has-text-color has-large-font-size\"><strong>Non compris dans la location<\/strong>&nbsp;:<\/h2>\n\n\n\n<p>&#8211; Taxe de s\u00e9jour : 5% du prix de la location par personne et par nuit\u00e9e (+ de 18 ans uniquement)<br>&#8211; Location draps 2 personnes : 20 \u20ac (optionnel) .<br>&#8211; Location draps 1 personne : 10 \u20ac (optionnel)<br>&#8211; Location linge de toilette : 8 \u20ac \/ personne (optionnel)<br>&#8211; Petit d\u00e9jeuner : 10 \u20ac \/ personne (uniquement propos\u00e9 pour une ou deux nuit\u00e9es)<\/p>\n\n\n\n<div style=\"height:22px\" aria-hidden=\"true\" class=\"wp-block-spacer\"><\/div>\n\n\n\n<p>Pour de la <strong>location longue dur\u00e9e<\/strong>, me contacter.<\/p>\n<\/div>\n<\/div>\n\n\n\n<div style=\"height:22px\" aria-hidden=\"true\" class=\"wp-block-spacer\"><\/div>\n\n\n\n<h2 class=\"wp-block-heading alignwide has-primary-color has-text-color has-large-font-size\"><strong>R\u00e9servation<\/strong><\/h2>\n\n\n\n<figure class=\"wp-block-image alignright size-large is-resized\"><img loading=\"lazy\" decoding=\"async\" width=\"1024\" height=\"576\" src=\"https:\/\/gitedelaserre.fr\/wp-content\/uploads\/2023\/08\/21-1024x576.jpg\" alt=\"\" class=\"wp-image-127\" style=\"aspect-ratio:1.7777777777777777;width:425px;height:auto\" srcset=\"https:\/\/gitedelaserre.fr\/wp-content\/uploads\/2023\/08\/21-1024x576.jpg 1024w, https:\/\/gitedelaserre.fr\/wp-content\/uploads\/2023\/08\/21-300x169.jpg 300w, https:\/\/gitedelaserre.fr\/wp-content\/uploads\/2023\/08\/21-768x432.jpg 768w, https:\/\/gitedelaserre.fr\/wp-content\/uploads\/2023\/08\/21-1536x864.jpg 1536w, https:\/\/gitedelaserre.fr\/wp-content\/uploads\/2023\/08\/21.jpg 1920w\" sizes=\"auto, (max-width: 1024px) 100vw, 1024px\" \/><\/figure>\n\n\n\n<p>&#8211; Arrhes : 25% \u00e0 la r\u00e9servation et solde \u00e0 l&rsquo;arriv\u00e9e.<\/p>\n\n\n\n<p>&#8211; Caution : 150 Euros.<\/p>\n\n\n\n<p>&#8211; Paiement : Esp\u00e8ce, ch\u00e8que, virement&nbsp;<\/p>\n<\/div>\n","protected":false},"excerpt":{"rendered":"<p>Semaine&nbsp;: 390\u20ac&nbsp; &#8211; Linge de lit non compris&nbsp;(7 nuit\u00e9es minimum en juillet et&nbsp;ao\u00fbt) Nuit\u00e9e&nbsp;: 82 \u20ac (2 personnes) + 5 \u20ac\/personne suppl\u00e9mentaire (Linge de lit compris) Frais de m\u00e9nage&nbsp;(obligatoire) : 6 \u20ac \/ nuit\u00e9e Si 2 semaines de location cons\u00e9cutives :&nbsp;-15 %&nbsp;sur la deuxi\u00e8me semaine Non compris dans la location&nbsp;: &#8211; Taxe de s\u00e9jour : [&hellip;]<\/p>\n","protected":false},"author":1,"featured_media":0,"parent":0,"menu_order":0,"comment_status":"closed","ping_status":"closed","template":"","meta":{"footnotes":""},"class_list":["post-87","page","type-page","status-publish","hentry"],"_links":{"self":[{"href":"https:\/\/gitedelaserre.fr\/index.php\/wp-json\/wp\/v2\/pages\/87","targetHints":{"allow":["GET"]}}],"collection":[{"href":"https:\/\/gitedelaserre.fr\/index.php\/wp-json\/wp\/v2\/pages"}],"about":[{"href":"https:\/\/gitedelaserre.fr\/index.php\/wp-json\/wp\/v2\/types\/page"}],"author":[{"embeddable":true,"href":"https:\/\/gitedelaserre.fr\/index.php\/wp-json\/wp\/v2\/users\/1"}],"replies":[{"embeddable":true,"href":"https:\/\/gitedelaserre.fr\/index.php\/wp-json\/wp\/v2\/comments?post=87"}],"version-history":[{"count":17,"href":"https:\/\/gitedelaserre.fr\/index.php\/wp-json\/wp\/v2\/pages\/87\/revisions"}],"predecessor-version":[{"id":420,"href":"https:\/\/gitedelaserre.fr\/index.php\/wp-json\/wp\/v2\/pages\/87\/revisions\/420"}],"wp:attachment":[{"href":"https:\/\/gitedelaserre.fr\/index.php\/wp-json\/wp\/v2\/media?parent=87"}],"curies":[{"name":"wp","href":"https:\/\/api.w.org\/{rel}","templated":true}]}}